{"id":2773,"date":"2022-09-07T16:13:53","date_gmt":"2022-09-07T20:13:53","guid":{"rendered":"https:\/\/pyr-design.com\/?post_type=projects&#038;p=2773"},"modified":"2023-06-16T10:09:56","modified_gmt":"2023-06-16T14:09:56","slug":"villa-privee","status":"publish","type":"projects","link":"https:\/\/pyr-design.com\/fr\/projects\/villa-privee\/","title":{"rendered":"Villa Priv\u00e9e"},"excerpt":{"rendered":"","protected":false},"featured_media":0,"template":"","project_type":[44],"class_list":["post-2773","projects","type-projects","status-publish","hentry","project_type-residences-fr"],"acf":{"location":"Sud de la France","description":"<p>Cette villa blottie dans le paysage superbe de Saint-Jean-Cap-Ferrat, sur la C\u00f4te d&#8217;Azur, invite \u00e0 la vie m\u00e9diterran\u00e9enne, chaleureuse et d\u00e9tendue, avec ses volumes ouverts et a\u00e9r\u00e9s, ses fen\u00eatres toute hauteur donnant sur l&#8217;ext\u00e9rieur verdoyant et les sculptures du jardin. Dans cette maison \u00e9l\u00e9gante et accueillante, la tradition dialogue avec la modernit\u00e9. La tonalit\u00e9 claire de l&#8217;int\u00e9rieur est accentu\u00e9e par des bleus clairs, des verts et des jaunes inspir\u00e9s de la nature, et rehauss\u00e9e par des touches chaude de cuir caramel et des d\u00e9tails Art D\u00e9co en bronze et en bois.<\/p>\n","slides":[{"frame_type":"single_image","full_image":{"ID":2768,"id":2768,"title":"Villa South France 1 - sized for web","filename":"Villa-South-France-1-sized-for-web.jpg","filesize":2121441,"url":"https:\/\/pyr-design.com\/wp-content\/uploads\/2022\/09\/Villa-South-France-1-sized-for-web.jpg","link":"https:\/\/pyr-design.com\/fr\/projects\/villa-privee\/villa-south-france-1-sized-for-web\/","alt":"","author":"2","description":"","caption":"","name":"villa-south-france-1-sized-for-web","status":"inherit","uploaded_to":2773,"date":"2022-09-07 20:07:01","modified":"2023-06-16 14:09:56","menu_order":0,"mime_type":"image\/jpeg","type":"image","subtype":"jpeg","icon":"https:\/\/pyr-design.com\/wp-includes\/images\/media\/default.png","width":2880,"height":1920,"sizes":{"thumbnail":"https:\/\/pyr-design.com\/wp-content\/uploads\/2022\/09\/Villa-South-France-1-sized-for-web-150x150.jpg","thumbnail-width":150,"thumbnail-height":150,"medium":"https:\/\/pyr-design.com\/wp-content\/uploads\/2022\/09\/Villa-South-France-1-sized-for-web-1400x933.jpg","medium-width":1400,"medium-height":933,"medium_large":"https:\/\/pyr-design.com\/wp-content\/uploads\/2022\/09\/Villa-South-France-1-sized-for-web-768x512.jpg","medium_large-width":768,"medium_large-height":512,"large":"https:\/\/pyr-design.com\/wp-content\/uploads\/2022\/09\/Villa-South-France-1-sized-for-web-1700x1133.jpg","large-width":1700,"large-height":1133,"1536x1536":"https:\/\/pyr-design.com\/wp-content\/uploads\/2022\/09\/Villa-South-France-1-sized-for-web-1536x1024.jpg","1536x1536-width":1536,"1536x1536-height":1024,"2048x2048":"https:\/\/pyr-design.com\/wp-content\/uploads\/2022\/09\/Villa-South-France-1-sized-for-web-2048x1365.jpg","2048x2048-width":2048,"2048x2048-height":1365,"gform-image-choice-sm":"https:\/\/pyr-design.com\/wp-content\/uploads\/2022\/09\/Villa-South-France-1-sized-for-web.jpg","gform-image-choice-sm-width":300,"gform-image-choice-sm-height":200,"gform-image-choice-md":"https:\/\/pyr-design.com\/wp-content\/uploads\/2022\/09\/Villa-South-France-1-sized-for-web.jpg","gform-image-choice-md-width":400,"gform-image-choice-md-height":267,"gform-image-choice-lg":"https:\/\/pyr-design.com\/wp-content\/uploads\/2022\/09\/Villa-South-France-1-sized-for-web.jpg","gform-image-choice-lg-width":600,"gform-image-choice-lg-height":400}},"image_left":false,"image_right":false},{"frame_type":"split_image","full_image":false,"image_left":{"ID":2762,"id":2762,"title":"Villa South France 4 - size for web","filename":"Villa-South-France-4-size-for-web.jpg","filesize":1401166,"url":"https:\/\/pyr-design.com\/wp-content\/uploads\/2022\/09\/Villa-South-France-4-size-for-web.jpg","link":"https:\/\/pyr-design.com\/fr\/projects\/villa-privee\/villa-south-france-4-size-for-web\/","alt":"","author":"2","description":"","caption":"","name":"villa-south-france-4-size-for-web","status":"inherit","uploaded_to":2773,"date":"2022-09-07 20:06:47","modified":"2023-06-16 14:09:56","menu_order":0,"mime_type":"image\/jpeg","type":"image","subtype":"jpeg","icon":"https:\/\/pyr-design.com\/wp-includes\/images\/media\/default.png","width":1837,"height":2100,"sizes":{"thumbnail":"https:\/\/pyr-design.com\/wp-content\/uploads\/2022\/09\/Villa-South-France-4-size-for-web-150x150.jpg","thumbnail-width":150,"thumbnail-height":150,"medium":"https:\/\/pyr-design.com\/wp-content\/uploads\/2022\/09\/Villa-South-France-4-size-for-web-875x1000.jpg","medium-width":875,"medium-height":1000,"medium_large":"https:\/\/pyr-design.com\/wp-content\/uploads\/2022\/09\/Villa-South-France-4-size-for-web-768x878.jpg","medium_large-width":768,"medium_large-height":878,"large":"https:\/\/pyr-design.com\/wp-content\/uploads\/2022\/09\/Villa-South-France-4-size-for-web-1137x1300.jpg","large-width":1137,"large-height":1300,"1536x1536":"https:\/\/pyr-design.com\/wp-content\/uploads\/2022\/09\/Villa-South-France-4-size-for-web-1344x1536.jpg","1536x1536-width":1344,"1536x1536-height":1536,"2048x2048":"https:\/\/pyr-design.com\/wp-content\/uploads\/2022\/09\/Villa-South-France-4-size-for-web-1792x2048.jpg","2048x2048-width":1792,"2048x2048-height":2048,"gform-image-choice-sm":"https:\/\/pyr-design.com\/wp-content\/uploads\/2022\/09\/Villa-South-France-4-size-for-web.jpg","gform-image-choice-sm-width":262,"gform-image-choice-sm-height":300,"gform-image-choice-md":"https:\/\/pyr-design.com\/wp-content\/uploads\/2022\/09\/Villa-South-France-4-size-for-web.jpg","gform-image-choice-md-width":350,"gform-image-choice-md-height":400,"gform-image-choice-lg":"https:\/\/pyr-design.com\/wp-content\/uploads\/2022\/09\/Villa-South-France-4-size-for-web.jpg","gform-image-choice-lg-width":525,"gform-image-choice-lg-height":600}},"image_right":{"ID":2764,"id":2764,"title":"Villa South France 5 - sized for web","filename":"Villa-South-France-5-sized-for-web.jpg","filesize":2129655,"url":"https:\/\/pyr-design.com\/wp-content\/uploads\/2022\/09\/Villa-South-France-5-sized-for-web.jpg","link":"https:\/\/pyr-design.com\/fr\/projects\/villa-privee\/villa-south-france-5-sized-for-web\/","alt":"","author":"2","description":"","caption":"","name":"villa-south-france-5-sized-for-web","status":"inherit","uploaded_to":2773,"date":"2022-09-07 20:06:51","modified":"2023-06-16 14:09:57","menu_order":0,"mime_type":"image\/jpeg","type":"image","subtype":"jpeg","icon":"https:\/\/pyr-design.com\/wp-includes\/images\/media\/default.png","width":1837,"height":2100,"sizes":{"thumbnail":"https:\/\/pyr-design.com\/wp-content\/uploads\/2022\/09\/Villa-South-France-5-sized-for-web-150x150.jpg","thumbnail-width":150,"thumbnail-height":150,"medium":"https:\/\/pyr-design.com\/wp-content\/uploads\/2022\/09\/Villa-South-France-5-sized-for-web-875x1000.jpg","medium-width":875,"medium-height":1000,"medium_large":"https:\/\/pyr-design.com\/wp-content\/uploads\/2022\/09\/Villa-South-France-5-sized-for-web-768x878.jpg","medium_large-width":768,"medium_large-height":878,"large":"https:\/\/pyr-design.com\/wp-content\/uploads\/2022\/09\/Villa-South-France-5-sized-for-web-1137x1300.jpg","large-width":1137,"large-height":1300,"1536x1536":"https:\/\/pyr-design.com\/wp-content\/uploads\/2022\/09\/Villa-South-France-5-sized-for-web-1344x1536.jpg","1536x1536-width":1344,"1536x1536-height":1536,"2048x2048":"https:\/\/pyr-design.com\/wp-content\/uploads\/2022\/09\/Villa-South-France-5-sized-for-web-1792x2048.jpg","2048x2048-width":1792,"2048x2048-height":2048,"gform-image-choice-sm":"https:\/\/pyr-design.com\/wp-content\/uploads\/2022\/09\/Villa-South-France-5-sized-for-web.jpg","gform-image-choice-sm-width":262,"gform-image-choice-sm-height":300,"gform-image-choice-md":"https:\/\/pyr-design.com\/wp-content\/uploads\/2022\/09\/Villa-South-France-5-sized-for-web.jpg","gform-image-choice-md-width":350,"gform-image-choice-md-height":400,"gform-image-choice-lg":"https:\/\/pyr-design.com\/wp-content\/uploads\/2022\/09\/Villa-South-France-5-sized-for-web.jpg","gform-image-choice-lg-width":525,"gform-image-choice-lg-height":600}}},{"frame_type":"single_image","full_image":{"ID":2766,"id":2766,"title":"Villa South France 6 - sized for web","filename":"Villa-South-France-6-sized-for-web.jpg","filesize":1414112,"url":"https:\/\/pyr-design.com\/wp-content\/uploads\/2022\/09\/Villa-South-France-6-sized-for-web.jpg","link":"https:\/\/pyr-design.com\/fr\/projects\/villa-privee\/villa-south-france-6-sized-for-web\/","alt":"","author":"2","description":"","caption":"","name":"villa-south-france-6-sized-for-web","status":"inherit","uploaded_to":2773,"date":"2022-09-07 20:06:56","modified":"2023-06-16 14:09:57","menu_order":0,"mime_type":"image\/jpeg","type":"image","subtype":"jpeg","icon":"https:\/\/pyr-design.com\/wp-includes\/images\/media\/default.png","width":2880,"height":1920,"sizes":{"thumbnail":"https:\/\/pyr-design.com\/wp-content\/uploads\/2022\/09\/Villa-South-France-6-sized-for-web-150x150.jpg","thumbnail-width":150,"thumbnail-height":150,"medium":"https:\/\/pyr-design.com\/wp-content\/uploads\/2022\/09\/Villa-South-France-6-sized-for-web-1400x933.jpg","medium-width":1400,"medium-height":933,"medium_large":"https:\/\/pyr-design.com\/wp-content\/uploads\/2022\/09\/Villa-South-France-6-sized-for-web-768x512.jpg","medium_large-width":768,"medium_large-height":512,"large":"https:\/\/pyr-design.com\/wp-content\/uploads\/2022\/09\/Villa-South-France-6-sized-for-web-1700x1133.jpg","large-width":1700,"large-height":1133,"1536x1536":"https:\/\/pyr-design.com\/wp-content\/uploads\/2022\/09\/Villa-South-France-6-sized-for-web-1536x1024.jpg","1536x1536-width":1536,"1536x1536-height":1024,"2048x2048":"https:\/\/pyr-design.com\/wp-content\/uploads\/2022\/09\/Villa-South-France-6-sized-for-web-2048x1365.jpg","2048x2048-width":2048,"2048x2048-height":1365,"gform-image-choice-sm":"https:\/\/pyr-design.com\/wp-content\/uploads\/2022\/09\/Villa-South-France-6-sized-for-web.jpg","gform-image-choice-sm-width":300,"gform-image-choice-sm-height":200,"gform-image-choice-md":"https:\/\/pyr-design.com\/wp-content\/uploads\/2022\/09\/Villa-South-France-6-sized-for-web.jpg","gform-image-choice-md-width":400,"gform-image-choice-md-height":267,"gform-image-choice-lg":"https:\/\/pyr-design.com\/wp-content\/uploads\/2022\/09\/Villa-South-France-6-sized-for-web.jpg","gform-image-choice-lg-width":600,"gform-image-choice-lg-height":400}},"image_left":false,"image_right":false},{"frame_type":"single_image","full_image":{"ID":2760,"id":2760,"title":"Villa South France 3 - sized for web","filename":"Villa-South-France-3-sized-for-web.jpg","filesize":1736804,"url":"https:\/\/pyr-design.com\/wp-content\/uploads\/2022\/09\/Villa-South-France-3-sized-for-web.jpg","link":"https:\/\/pyr-design.com\/fr\/projects\/villa-privee\/villa-south-france-3-sized-for-web\/","alt":"","author":"2","description":"","caption":"","name":"villa-south-france-3-sized-for-web","status":"inherit","uploaded_to":2773,"date":"2022-09-07 20:06:43","modified":"2023-06-16 14:09:57","menu_order":0,"mime_type":"image\/jpeg","type":"image","subtype":"jpeg","icon":"https:\/\/pyr-design.com\/wp-includes\/images\/media\/default.png","width":2880,"height":1920,"sizes":{"thumbnail":"https:\/\/pyr-design.com\/wp-content\/uploads\/2022\/09\/Villa-South-France-3-sized-for-web-150x150.jpg","thumbnail-width":150,"thumbnail-height":150,"medium":"https:\/\/pyr-design.com\/wp-content\/uploads\/2022\/09\/Villa-South-France-3-sized-for-web-1400x933.jpg","medium-width":1400,"medium-height":933,"medium_large":"https:\/\/pyr-design.com\/wp-content\/uploads\/2022\/09\/Villa-South-France-3-sized-for-web-768x512.jpg","medium_large-width":768,"medium_large-height":512,"large":"https:\/\/pyr-design.com\/wp-content\/uploads\/2022\/09\/Villa-South-France-3-sized-for-web-1700x1133.jpg","large-width":1700,"large-height":1133,"1536x1536":"https:\/\/pyr-design.com\/wp-content\/uploads\/2022\/09\/Villa-South-France-3-sized-for-web-1536x1024.jpg","1536x1536-width":1536,"1536x1536-height":1024,"2048x2048":"https:\/\/pyr-design.com\/wp-content\/uploads\/2022\/09\/Villa-South-France-3-sized-for-web-2048x1365.jpg","2048x2048-width":2048,"2048x2048-height":1365,"gform-image-choice-sm":"https:\/\/pyr-design.com\/wp-content\/uploads\/2022\/09\/Villa-South-France-3-sized-for-web.jpg","gform-image-choice-sm-width":300,"gform-image-choice-sm-height":200,"gform-image-choice-md":"https:\/\/pyr-design.com\/wp-content\/uploads\/2022\/09\/Villa-South-France-3-sized-for-web.jpg","gform-image-choice-md-width":400,"gform-image-choice-md-height":267,"gform-image-choice-lg":"https:\/\/pyr-design.com\/wp-content\/uploads\/2022\/09\/Villa-South-France-3-sized-for-web.jpg","gform-image-choice-lg-width":600,"gform-image-choice-lg-height":400}},"image_left":false,"image_right":false},{"frame_type":"single_image","full_image":{"ID":2770,"id":2770,"title":"Villa South France 2 - sized for web","filename":"Villa-South-France-2-sized-for-web.jpg","filesize":1709512,"url":"https:\/\/pyr-design.com\/wp-content\/uploads\/2022\/09\/Villa-South-France-2-sized-for-web.jpg","link":"https:\/\/pyr-design.com\/fr\/projects\/villa-privee\/villa-south-france-2-sized-for-web\/","alt":"","author":"2","description":"","caption":"","name":"villa-south-france-2-sized-for-web","status":"inherit","uploaded_to":2773,"date":"2022-09-07 20:07:07","modified":"2023-06-16 14:09:57","menu_order":0,"mime_type":"image\/jpeg","type":"image","subtype":"jpeg","icon":"https:\/\/pyr-design.com\/wp-includes\/images\/media\/default.png","width":2880,"height":1920,"sizes":{"thumbnail":"https:\/\/pyr-design.com\/wp-content\/uploads\/2022\/09\/Villa-South-France-2-sized-for-web-150x150.jpg","thumbnail-width":150,"thumbnail-height":150,"medium":"https:\/\/pyr-design.com\/wp-content\/uploads\/2022\/09\/Villa-South-France-2-sized-for-web-1400x933.jpg","medium-width":1400,"medium-height":933,"medium_large":"https:\/\/pyr-design.com\/wp-content\/uploads\/2022\/09\/Villa-South-France-2-sized-for-web-768x512.jpg","medium_large-width":768,"medium_large-height":512,"large":"https:\/\/pyr-design.com\/wp-content\/uploads\/2022\/09\/Villa-South-France-2-sized-for-web-1700x1133.jpg","large-width":1700,"large-height":1133,"1536x1536":"https:\/\/pyr-design.com\/wp-content\/uploads\/2022\/09\/Villa-South-France-2-sized-for-web-1536x1024.jpg","1536x1536-width":1536,"1536x1536-height":1024,"2048x2048":"https:\/\/pyr-design.com\/wp-content\/uploads\/2022\/09\/Villa-South-France-2-sized-for-web-2048x1365.jpg","2048x2048-width":2048,"2048x2048-height":1365,"gform-image-choice-sm":"https:\/\/pyr-design.com\/wp-content\/uploads\/2022\/09\/Villa-South-France-2-sized-for-web.jpg","gform-image-choice-sm-width":300,"gform-image-choice-sm-height":200,"gform-image-choice-md":"https:\/\/pyr-design.com\/wp-content\/uploads\/2022\/09\/Villa-South-France-2-sized-for-web.jpg","gform-image-choice-md-width":400,"gform-image-choice-md-height":267,"gform-image-choice-lg":"https:\/\/pyr-design.com\/wp-content\/uploads\/2022\/09\/Villa-South-France-2-sized-for-web.jpg","gform-image-choice-lg-width":600,"gform-image-choice-lg-height":400}},"image_left":false,"image_right":false}],"thumbnail":"https:\/\/pyr-design.com\/wp-content\/uploads\/2022\/09\/Villa-South-France-1-sized-for-web.jpg"},"yoast_head":"<!-- This site is optimized with the Yoast SEO plugin v26.8 - https:\/\/yoast.com\/product\/yoast-seo-wordpress\/ -->\n<title>Villa Priv\u00e9e - Pierre-Yves Rochon<\/title>\n<meta name=\"robots\" content=\"index, follow, max-snippet:-1, max-image-preview:large, max-video-preview:-1\" \/>\n<link rel=\"canonical\" href=\"https:\/\/pyr-design.com\/fr\/projects\/villa-privee\/\" \/>\n<meta property=\"og:locale\" content=\"fr_FR\" \/>\n<meta property=\"og:type\" content=\"article\" \/>\n<meta property=\"og:title\" content=\"Villa Priv\u00e9e - Pierre-Yves Rochon\" \/>\n<meta property=\"og:url\" content=\"https:\/\/pyr-design.com\/fr\/projects\/villa-privee\/\" \/>\n<meta property=\"og:site_name\" content=\"Pierre-Yves Rochon\" \/>\n<meta property=\"article:publisher\" content=\"https:\/\/www.facebook.com\/PYRdesignluxury\/\" \/>\n<meta property=\"article:modified_time\" content=\"2023-06-16T14:09:56+00:00\" \/>\n<meta name=\"twitter:card\" content=\"summary_large_image\" \/>\n<script type=\"application\/ld+json\" class=\"yoast-schema-graph\">{\"@context\":\"https:\/\/schema.org\",\"@graph\":[{\"@type\":\"WebPage\",\"@id\":\"https:\/\/pyr-design.com\/fr\/projects\/villa-privee\/\",\"url\":\"https:\/\/pyr-design.com\/fr\/projects\/villa-privee\/\",\"name\":\"Villa Priv\u00e9e - Pierre-Yves Rochon\",\"isPartOf\":{\"@id\":\"https:\/\/pyr-design.com\/fr\/#website\"},\"datePublished\":\"2022-09-07T20:13:53+00:00\",\"dateModified\":\"2023-06-16T14:09:56+00:00\",\"breadcrumb\":{\"@id\":\"https:\/\/pyr-design.com\/fr\/projects\/villa-privee\/#breadcrumb\"},\"inLanguage\":\"fr-FR\",\"potentialAction\":[{\"@type\":\"ReadAction\",\"target\":[\"https:\/\/pyr-design.com\/fr\/projects\/villa-privee\/\"]}]},{\"@type\":\"BreadcrumbList\",\"@id\":\"https:\/\/pyr-design.com\/fr\/projects\/villa-privee\/#breadcrumb\",\"itemListElement\":[{\"@type\":\"ListItem\",\"position\":1,\"name\":\"Home\",\"item\":\"https:\/\/pyr-design.com\/fr\/\"},{\"@type\":\"ListItem\",\"position\":2,\"name\":\"Villa Priv\u00e9e\"}]},{\"@type\":\"WebSite\",\"@id\":\"https:\/\/pyr-design.com\/fr\/#website\",\"url\":\"https:\/\/pyr-design.com\/fr\/\",\"name\":\"Pierre-Yves Rochon\",\"description\":\"\",\"publisher\":{\"@id\":\"https:\/\/pyr-design.com\/fr\/#organization\"},\"potentialAction\":[{\"@type\":\"SearchAction\",\"target\":{\"@type\":\"EntryPoint\",\"urlTemplate\":\"https:\/\/pyr-design.com\/fr\/?s={search_term_string}\"},\"query-input\":{\"@type\":\"PropertyValueSpecification\",\"valueRequired\":true,\"valueName\":\"search_term_string\"}}],\"inLanguage\":\"fr-FR\"},{\"@type\":\"Organization\",\"@id\":\"https:\/\/pyr-design.com\/fr\/#organization\",\"name\":\"Pierre-Yves Rochon\",\"url\":\"https:\/\/pyr-design.com\/fr\/\",\"logo\":{\"@type\":\"ImageObject\",\"inLanguage\":\"fr-FR\",\"@id\":\"https:\/\/pyr-design.com\/fr\/#\/schema\/logo\/image\/\",\"url\":\"https:\/\/pyr-design.com\/wp-content\/uploads\/2018\/12\/Jade1.jpg\",\"contentUrl\":\"https:\/\/pyr-design.com\/wp-content\/uploads\/2018\/12\/Jade1.jpg\",\"width\":1000,\"height\":667,\"caption\":\"Pierre-Yves Rochon\"},\"image\":{\"@id\":\"https:\/\/pyr-design.com\/fr\/#\/schema\/logo\/image\/\"},\"sameAs\":[\"https:\/\/www.facebook.com\/PYRdesignluxury\/\",\"https:\/\/www.instagram.com\/pyrdesign\/\",\"https:\/\/www.linkedin.com\/company\/pierre-yves-rochon\/\"]}]}<\/script>\n<!-- \/ Yoast SEO plugin. -->","yoast_head_json":{"title":"Villa Priv\u00e9e - Pierre-Yves Rochon","robots":{"index":"index","follow":"follow","max-snippet":"max-snippet:-1","max-image-preview":"max-image-preview:large","max-video-preview":"max-video-preview:-1"},"canonical":"https:\/\/pyr-design.com\/fr\/projects\/villa-privee\/","og_locale":"fr_FR","og_type":"article","og_title":"Villa Priv\u00e9e - Pierre-Yves Rochon","og_url":"https:\/\/pyr-design.com\/fr\/projects\/villa-privee\/","og_site_name":"Pierre-Yves Rochon","article_publisher":"https:\/\/www.facebook.com\/PYRdesignluxury\/","article_modified_time":"2023-06-16T14:09:56+00:00","twitter_card":"summary_large_image","schema":{"@context":"https:\/\/schema.org","@graph":[{"@type":"WebPage","@id":"https:\/\/pyr-design.com\/fr\/projects\/villa-privee\/","url":"https:\/\/pyr-design.com\/fr\/projects\/villa-privee\/","name":"Villa Priv\u00e9e - Pierre-Yves Rochon","isPartOf":{"@id":"https:\/\/pyr-design.com\/fr\/#website"},"datePublished":"2022-09-07T20:13:53+00:00","dateModified":"2023-06-16T14:09:56+00:00","breadcrumb":{"@id":"https:\/\/pyr-design.com\/fr\/projects\/villa-privee\/#breadcrumb"},"inLanguage":"fr-FR","potentialAction":[{"@type":"ReadAction","target":["https:\/\/pyr-design.com\/fr\/projects\/villa-privee\/"]}]},{"@type":"BreadcrumbList","@id":"https:\/\/pyr-design.com\/fr\/projects\/villa-privee\/#breadcrumb","itemListElement":[{"@type":"ListItem","position":1,"name":"Home","item":"https:\/\/pyr-design.com\/fr\/"},{"@type":"ListItem","position":2,"name":"Villa Priv\u00e9e"}]},{"@type":"WebSite","@id":"https:\/\/pyr-design.com\/fr\/#website","url":"https:\/\/pyr-design.com\/fr\/","name":"Pierre-Yves Rochon","description":"","publisher":{"@id":"https:\/\/pyr-design.com\/fr\/#organization"},"potentialAction":[{"@type":"SearchAction","target":{"@type":"EntryPoint","urlTemplate":"https:\/\/pyr-design.com\/fr\/?s={search_term_string}"},"query-input":{"@type":"PropertyValueSpecification","valueRequired":true,"valueName":"search_term_string"}}],"inLanguage":"fr-FR"},{"@type":"Organization","@id":"https:\/\/pyr-design.com\/fr\/#organization","name":"Pierre-Yves Rochon","url":"https:\/\/pyr-design.com\/fr\/","logo":{"@type":"ImageObject","inLanguage":"fr-FR","@id":"https:\/\/pyr-design.com\/fr\/#\/schema\/logo\/image\/","url":"https:\/\/pyr-design.com\/wp-content\/uploads\/2018\/12\/Jade1.jpg","contentUrl":"https:\/\/pyr-design.com\/wp-content\/uploads\/2018\/12\/Jade1.jpg","width":1000,"height":667,"caption":"Pierre-Yves Rochon"},"image":{"@id":"https:\/\/pyr-design.com\/fr\/#\/schema\/logo\/image\/"},"sameAs":["https:\/\/www.facebook.com\/PYRdesignluxury\/","https:\/\/www.instagram.com\/pyrdesign\/","https:\/\/www.linkedin.com\/company\/pierre-yves-rochon\/"]}]}},"category_name":[{"name":"R\u00e9sidences","id":44,"count":5}],"_links":{"self":[{"href":"https:\/\/pyr-design.com\/fr\/wp-json\/wp\/v2\/projects\/2773","targetHints":{"allow":["GET"]}}],"collection":[{"href":"https:\/\/pyr-design.com\/fr\/wp-json\/wp\/v2\/projects"}],"about":[{"href":"https:\/\/pyr-design.com\/fr\/wp-json\/wp\/v2\/types\/projects"}],"version-history":[{"count":0,"href":"https:\/\/pyr-design.com\/fr\/wp-json\/wp\/v2\/projects\/2773\/revisions"}],"wp:attachment":[{"href":"https:\/\/pyr-design.com\/fr\/wp-json\/wp\/v2\/media?parent=2773"}],"wp:term":[{"taxonomy":"project_type","embeddable":true,"href":"https:\/\/pyr-design.com\/fr\/wp-json\/wp\/v2\/project_type?post=2773"}],"curies":[{"name":"wp","href":"https:\/\/api.w.org\/{rel}","templated":true}]}}